{"id":16479,"date":"2025-02-24T14:27:52","date_gmt":"2025-02-24T12:27:52","guid":{"rendered":"https:\/\/www.blogdeasisa.es\/?page_id=16479"},"modified":"2025-03-03T17:58:18","modified_gmt":"2025-03-03T15:58:18","slug":"familias-primerizas","status":"publish","type":"page","link":"\/blog\/familias-primerizas\/","title":{"rendered":"Familias primerizas"},"content":{"rendered":"\n<div class=\"wp-block-stackable-heading stk-block-heading stk-block-heading--v2 stk-block stk-079c40a\" id=\"programa-familias-primerizas-asisa\" data-block-id=\"079c40a\"><h2 class=\"stk-block-heading__text\">Programa Familias Primerizas ASISA<\/h2><\/div>\n\n\n<style>.wp-show-posts-columns#wpsp-16480 {margin-left: -2em; }.wp-show-posts-columns#wpsp-16480 .wp-show-posts-inner {margin: 0 0 2em 2em; }<\/style><section id=\"wpsp-16480\" class=\" wp-show-posts\" style=\"\"><article class=\" wp-show-posts-single wpsp-clearfix post-17894 post type-post status-publish format-standard has-post-thumbnail hentry category-familias-primerizas category-salud\" itemtype=\"http:\/\/schema.org\/CreativeWork\" itemscope><div class=\"wp-show-posts-inner\" style=\"\">\t\t<div class=\"wp-show-posts-image  wpsp-image-center \">\n\t\t\t<a href=\"\/blog\/salud\/pantallas-y-bebes-desarrollo-saludable\/\" title=\"Pantallas y beb\u00e9s: claves para un desarrollo equilibrado\"><img loading=\"lazy\" decoding=\"async\" width=\"1920\" height=\"1080\" src=\"\/blog\/wp-content\/uploads\/2026\/02\/pantallas-y-bebes_20260204.jpg\" class=\"attachment-full size-full wp-post-image\" alt=\"pantallas y beb\u00e9s\" itemprop=\"image\" srcset=\"\/blog\/wp-content\/uploads\/2026\/02\/pantallas-y-bebes_20260204.jpg 1920w, \/blog\/wp-content\/uploads\/2026\/02\/pantallas-y-bebes_20260204-300x169.jpg 300w, \/blog\/wp-content\/uploads\/2026\/02\/pantallas-y-bebes_20260204-1024x576.jpg 1024w, \/blog\/wp-content\/uploads\/2026\/02\/pantallas-y-bebes_20260204-1536x864.jpg 1536w, \/blog\/wp-content\/uploads\/2026\/02\/pantallas-y-bebes_20260204-300x169@2x.jpg 600w\" sizes=\"(max-width: 1920px) 100vw, 1920px\" \/><\/a>\t\t<\/div>\n\t\t\t\t\t\t\t\t<header class=\"wp-show-posts-entry-header\">\n\t\t\t\t\t\t\t<h1 class=\"wp-show-posts-entry-title\" itemprop=\"headline\"><a href=\"\/blog\/salud\/pantallas-y-bebes-desarrollo-saludable\/\" rel=\"bookmark\">Pantallas y beb\u00e9s: claves para un desarrollo equilibrado<\/a><\/h1>\t\t\t\t\t\t<\/header><!-- .entry-header -->\n\t\t\t\t\t\t\t\t\t\t\t<div class=\"wp-show-posts-entry-summary\" itemprop=\"text\">\n\t\t\t\t\t\t\t<p>Pantallas y beb\u00e9s, esta relaci\u00f3n surge cuando la llegada de un beb\u00e9 supone un cambio profundo en la vida familiar, especialmente para los padres primerizos. Junto a la ilusi\u00f3n aparecen dudas constantes sobre el cuidado, el desarrollo y la educaci\u00f3n. Una de las preguntas m\u00e1s frecuentes gira en torno al uso de pantallas: m\u00f3viles, tablets y televisores forman parte del&#8230;<\/p>\n\t\t\t\t\t\t<\/div><!-- .entry-summary -->\n\t\t\t\t\t<div class=\"wpsp-read-more\"><a title=\"Pantallas y beb\u00e9s: claves para un desarrollo equilibrado\" class=\"wp-show-posts-read-more\" href=\"\/blog\/salud\/pantallas-y-bebes-desarrollo-saludable\/\">LEER M\u00c1S<\/a><\/div><\/div><!-- wp-show-posts-inner --><div class=\"wpsp-clear\"><\/div><\/article><\/section><!-- .wp-show-posts -->\n\n\n\n<p><\/p>\n\n\n<style>.wp-show-posts-columns#wpsp-16482 {margin-left: -2em; }.wp-show-posts-columns#wpsp-16482 .wp-show-posts-inner {margin: 0 0 2em 2em; }<\/style><section id=\"wpsp-16482\" class=\" wp-show-posts-columns wp-show-posts\" style=\"\"><article class=\" wp-show-posts-single post-17692 post type-post status-publish format-standard has-post-thumbnail hentry category-alimentacion category-familias-primerizas category-salud wpsp-col-6\" itemtype=\"http:\/\/schema.org\/CreativeWork\" itemscope><div class=\"wp-show-posts-inner\" style=\"\">\t\t<div class=\"wp-show-posts-image  wpsp-image-center \">\n\t\t\t<a href=\"\/blog\/salud\/alimento-del-mes-la-dorada\/\" title=\"Alimento del mes: la dorada\"><img loading=\"lazy\" decoding=\"async\" width=\"1920\" height=\"1080\" src=\"\/blog\/wp-content\/uploads\/2025\/12\/dorada.jpg\" class=\"attachment-full size-full wp-post-image\" alt=\"dorada\" itemprop=\"image\" srcset=\"\/blog\/wp-content\/uploads\/2025\/12\/dorada.jpg 1920w, \/blog\/wp-content\/uploads\/2025\/12\/dorada-300x169.jpg 300w, \/blog\/wp-content\/uploads\/2025\/12\/dorada-1024x576.jpg 1024w, \/blog\/wp-content\/uploads\/2025\/12\/dorada-1536x864.jpg 1536w, \/blog\/wp-content\/uploads\/2025\/12\/dorada-300x169@2x.jpg 600w\" sizes=\"(max-width: 1920px) 100vw, 1920px\" \/><\/a>\t\t<\/div>\n\t\t\t\t\t\t\t\t<header class=\"wp-show-posts-entry-header\">\n\t\t\t\t\t\t\t<h2 class=\"wp-show-posts-entry-title\" itemprop=\"headline\"><a href=\"\/blog\/salud\/alimento-del-mes-la-dorada\/\" rel=\"bookmark\">Alimento del mes: la dorada<\/a><\/h2>\t\t\t\t\t\t<\/header><!-- .entry-header -->\n\t\t\t\t\t\t\t\t\t\t\t<div class=\"wp-show-posts-entry-summary\" itemprop=\"text\">\n\t\t\t\t\t\t\t<p>La dorada es un pescado blanco especialmente apreciado en la gastronom\u00eda espa\u00f1ola por la calidad y delicadeza de su carne. Su sabor equilibrado y su textura suave han hecho que ocupe un lugar destacado en mercados, lonjas y cocinas en nuestro pa\u00eds. Este pescado se captura habitualmente en las aguas&#8230;<\/p>\n\t\t\t\t\t\t<\/div><!-- .entry-summary -->\n\t\t\t\t\t<div class=\"wpsp-read-more\"><a title=\"Alimento del mes: la dorada\" class=\"wp-show-posts-read-more\" href=\"\/blog\/salud\/alimento-del-mes-la-dorada\/\">LEER M\u00c1S<\/a><\/div><\/div><!-- wp-show-posts-inner --><\/article><article class=\" wp-show-posts-single post-17659 post type-post status-publish format-standard has-post-thumbnail hentry category-familias-primerizas category-salud wpsp-col-6\" itemtype=\"http:\/\/schema.org\/CreativeWork\" itemscope><div class=\"wp-show-posts-inner\" style=\"\">\t\t<div class=\"wp-show-posts-image  wpsp-image-center \">\n\t\t\t<a href=\"\/blog\/salud\/problemas-digestivos-en-el-embarazo\/\" title=\"Problemas digestivos en el embarazo: por qu\u00e9 aparecen y c\u00f3mo aliviarlos\"><img loading=\"lazy\" decoding=\"async\" width=\"1920\" height=\"1080\" src=\"\/blog\/wp-content\/uploads\/2025\/11\/Problemas-digestivos-en-el-embarazo.jpg\" class=\"attachment-full size-full wp-post-image\" alt=\"\" itemprop=\"image\" srcset=\"\/blog\/wp-content\/uploads\/2025\/11\/Problemas-digestivos-en-el-embarazo.jpg 1920w, \/blog\/wp-content\/uploads\/2025\/11\/Problemas-digestivos-en-el-embarazo-300x169.jpg 300w, \/blog\/wp-content\/uploads\/2025\/11\/Problemas-digestivos-en-el-embarazo-1024x576.jpg 1024w, \/blog\/wp-content\/uploads\/2025\/11\/Problemas-digestivos-en-el-embarazo-1536x864.jpg 1536w, \/blog\/wp-content\/uploads\/2025\/11\/Problemas-digestivos-en-el-embarazo-300x169@2x.jpg 600w\" sizes=\"(max-width: 1920px) 100vw, 1920px\" \/><\/a>\t\t<\/div>\n\t\t\t\t\t\t\t\t<header class=\"wp-show-posts-entry-header\">\n\t\t\t\t\t\t\t<h2 class=\"wp-show-posts-entry-title\" itemprop=\"headline\"><a href=\"\/blog\/salud\/problemas-digestivos-en-el-embarazo\/\" rel=\"bookmark\">Problemas digestivos en el embarazo: por qu\u00e9 aparecen y c\u00f3mo aliviarlos<\/a><\/h2>\t\t\t\t\t\t<\/header><!-- .entry-header -->\n\t\t\t\t\t\t\t\t\t\t\t<div class=\"wp-show-posts-entry-summary\" itemprop=\"text\">\n\t\t\t\t\t\t\t<p>Durante el embarazo, el cuerpo experimenta grandes cambios hormonales y f\u00edsicos que pueden afectar al sistema digestivo. Por ello, es habitual que muchas mujeres presenten n\u00e1useas, acidez o estre\u00f1imiento en distintos momentos de la gestaci\u00f3n. Aunque suelen ser molestias normales, es recomendable conocer las causas de los problemas digestivos en&#8230;<\/p>\n\t\t\t\t\t\t<\/div><!-- .entry-summary -->\n\t\t\t\t\t<div class=\"wpsp-read-more\"><a title=\"Problemas digestivos en el embarazo: por qu\u00e9 aparecen y c\u00f3mo aliviarlos\" class=\"wp-show-posts-read-more\" href=\"\/blog\/salud\/problemas-digestivos-en-el-embarazo\/\">LEER M\u00c1S<\/a><\/div><\/div><!-- wp-show-posts-inner --><\/article><article class=\" wp-show-posts-single post-17576 post type-post status-publish format-standard has-post-thumbnail hentry category-alimentacion category-familias-primerizas category-salud wpsp-col-6\" itemtype=\"http:\/\/schema.org\/CreativeWork\" itemscope><div class=\"wp-show-posts-inner\" style=\"\">\t\t<div class=\"wp-show-posts-image  wpsp-image-center \">\n\t\t\t<a href=\"\/blog\/salud\/champinones-alimento-del-mes\/\" title=\"Alimento del mes: los champi\u00f1ones\"><img loading=\"lazy\" decoding=\"async\" width=\"1920\" height=\"1080\" src=\"\/blog\/wp-content\/uploads\/2025\/11\/champinones.jpg\" class=\"attachment-full size-full wp-post-image\" alt=\"\" itemprop=\"image\" srcset=\"\/blog\/wp-content\/uploads\/2025\/11\/champinones.jpg 1920w, \/blog\/wp-content\/uploads\/2025\/11\/champinones-300x169.jpg 300w, \/blog\/wp-content\/uploads\/2025\/11\/champinones-1024x576.jpg 1024w, \/blog\/wp-content\/uploads\/2025\/11\/champinones-1536x864.jpg 1536w, \/blog\/wp-content\/uploads\/2025\/11\/champinones-300x169@2x.jpg 600w\" sizes=\"(max-width: 1920px) 100vw, 1920px\" \/><\/a>\t\t<\/div>\n\t\t\t\t\t\t\t\t<header class=\"wp-show-posts-entry-header\">\n\t\t\t\t\t\t\t<h2 class=\"wp-show-posts-entry-title\" itemprop=\"headline\"><a href=\"\/blog\/salud\/champinones-alimento-del-mes\/\" rel=\"bookmark\">Alimento del mes: los champi\u00f1ones<\/a><\/h2>\t\t\t\t\t\t<\/header><!-- .entry-header -->\n\t\t\t\t\t\t\t\t\t\t\t<div class=\"wp-show-posts-entry-summary\" itemprop=\"text\">\n\t\t\t\t\t\t\t<p>Los champi\u00f1ones son un tipo de hongo comestible que forma parte habitual de la cocina tradicional espa\u00f1ola y de muchas otras gastronom\u00edas. Como curiosidad, en el antiguo Egipto, este alimento estaba prohibido porque se cre\u00eda que pod\u00eda dotar de inmortalidad. Lo cierto que solo se trata de un tipo de&#8230;<\/p>\n\t\t\t\t\t\t<\/div><!-- .entry-summary -->\n\t\t\t\t\t<div class=\"wpsp-read-more\"><a title=\"Alimento del mes: los champi\u00f1ones\" class=\"wp-show-posts-read-more\" href=\"\/blog\/salud\/champinones-alimento-del-mes\/\">LEER M\u00c1S<\/a><\/div><\/div><!-- wp-show-posts-inner --><\/article><article class=\" wp-show-posts-single post-17567 post type-post status-publish format-standard has-post-thumbnail hentry category-familias-primerizas category-salud wpsp-col-6\" itemtype=\"http:\/\/schema.org\/CreativeWork\" itemscope><div class=\"wp-show-posts-inner\" style=\"\">\t\t<div class=\"wp-show-posts-image  wpsp-image-center \">\n\t\t\t<a href=\"\/blog\/salud\/que-es-el-blw-o-baby-led-weaning\/\" title=\"\u00bfQu\u00e9 es el BLW o Baby-Led Weaning?\"><img loading=\"lazy\" decoding=\"async\" width=\"1920\" height=\"1080\" src=\"\/blog\/wp-content\/uploads\/2025\/10\/BLW.jpg\" class=\"attachment-full size-full wp-post-image\" alt=\"BLW\" itemprop=\"image\" srcset=\"\/blog\/wp-content\/uploads\/2025\/10\/BLW.jpg 1920w, \/blog\/wp-content\/uploads\/2025\/10\/BLW-300x169.jpg 300w, \/blog\/wp-content\/uploads\/2025\/10\/BLW-1024x576.jpg 1024w, \/blog\/wp-content\/uploads\/2025\/10\/BLW-1536x864.jpg 1536w, \/blog\/wp-content\/uploads\/2025\/10\/BLW-300x169@2x.jpg 600w\" sizes=\"(max-width: 1920px) 100vw, 1920px\" \/><\/a>\t\t<\/div>\n\t\t\t\t\t\t\t\t<header class=\"wp-show-posts-entry-header\">\n\t\t\t\t\t\t\t<h2 class=\"wp-show-posts-entry-title\" itemprop=\"headline\"><a href=\"\/blog\/salud\/que-es-el-blw-o-baby-led-weaning\/\" rel=\"bookmark\">\u00bfQu\u00e9 es el BLW o Baby-Led Weaning?<\/a><\/h2>\t\t\t\t\t\t<\/header><!-- .entry-header -->\n\t\t\t\t\t\t\t\t\t\t\t<div class=\"wp-show-posts-entry-summary\" itemprop=\"text\">\n\t\t\t\t\t\t\t<p>En los primeros meses de vida, la alimentaci\u00f3n del beb\u00e9 se centra en la leche materna o f\u00f3rmulas adaptadas. A partir de los 6 meses comienza la etapa de la alimentaci\u00f3n complementaria. En este contexto, se ha popularizado en los \u00faltimos a\u00f1os el m\u00e9todo Baby-Led Weaning (BLW). Este enfoque fomenta&#8230;<\/p>\n\t\t\t\t\t\t<\/div><!-- .entry-summary -->\n\t\t\t\t\t<div class=\"wpsp-read-more\"><a title=\"\u00bfQu\u00e9 es el BLW o Baby-Led Weaning?\" class=\"wp-show-posts-read-more\" href=\"\/blog\/salud\/que-es-el-blw-o-baby-led-weaning\/\">LEER M\u00c1S<\/a><\/div><\/div><!-- wp-show-posts-inner --><\/article><div class=\"wpsp-clear\"><\/div><\/section><!-- .wp-show-posts -->\n\n\n\n<p><\/p>\n\n\n\n<div class=\"wp-block-stackable-image stk-block-image stk-block stk-ed1e3f9\" data-block-id=\"ed1e3f9\"><figure><a class=\"stk-link\" href=\"https:\/\/www.asisa.es\/servicios-de-salud\/familias-primerizas\" target=\"_blank\" rel=\"noreferrer noopener\"><span class=\"stk-img-wrapper stk-image--shape-stretch\"><img loading=\"lazy\" decoding=\"async\" class=\"stk-img wp-image-16561\" src=\"\/\/wp-content\/uploads\/2025\/03\/Banner-familias-primerizas-Blog_v1_GIF-1.gif\" width=\"1920\" height=\"250\"\/><\/span><\/a><\/figure><\/div>\n\n\n<style>.wp-show-posts-columns#wpsp-16484 {margin-left: -2em; }.wp-show-posts-columns#wpsp-16484 .wp-show-posts-inner {margin: 0 0 2em 2em; }<\/style><section id=\"wpsp-16484\" class=\" wp-show-posts-columns wp-show-posts\" style=\"\"><article class=\" wp-show-posts-single post-17506 post type-post status-publish format-video has-post-thumbnail hentry category-corporativo category-familias-primerizas category-nosotros category-salud post_format-post-format-video wpsp-col-6\" itemtype=\"http:\/\/schema.org\/CreativeWork\" itemscope><div class=\"wp-show-posts-inner\" style=\"\">\t\t<div class=\"wp-show-posts-image  wpsp-image-center \">\n\t\t\t<a href=\"\/blog\/salud\/webinar-sobre-vacunacion-infantil\/\" title=\"Webinar Programa Familias Primerizas: vacunaci\u00f3n infantil\"><img loading=\"lazy\" decoding=\"async\" width=\"1920\" height=\"1080\" src=\"\/blog\/wp-content\/uploads\/2025\/10\/webinar-vacunacion_za_20251003.jpg\" class=\"attachment-full size-full wp-post-image\" alt=\"webinar sobre vacunaci\u00f3n infantil\" itemprop=\"image\" srcset=\"\/blog\/wp-content\/uploads\/2025\/10\/webinar-vacunacion_za_20251003.jpg 1920w, \/blog\/wp-content\/uploads\/2025\/10\/webinar-vacunacion_za_20251003-300x169.jpg 300w, \/blog\/wp-content\/uploads\/2025\/10\/webinar-vacunacion_za_20251003-1024x576.jpg 1024w, \/blog\/wp-content\/uploads\/2025\/10\/webinar-vacunacion_za_20251003-1536x864.jpg 1536w, \/blog\/wp-content\/uploads\/2025\/10\/webinar-vacunacion_za_20251003-300x169@2x.jpg 600w\" sizes=\"(max-width: 1920px) 100vw, 1920px\" \/><\/a>\t\t<\/div>\n\t\t\t\t\t\t\t\t<header class=\"wp-show-posts-entry-header\">\n\t\t\t\t\t\t\t<h2 class=\"wp-show-posts-entry-title\" itemprop=\"headline\"><a href=\"\/blog\/salud\/webinar-sobre-vacunacion-infantil\/\" rel=\"bookmark\">Webinar Programa Familias Primerizas: vacunaci\u00f3n infantil<\/a><\/h2><div class=\"wp-show-posts-entry-meta wp-show-posts-entry-meta-below-title post-meta-inline\"><span class=\"wp-show-posts-posted-on wp-show-posts-meta\">\n\t\t\t\t\t<a href=\"\/blog\/salud\/webinar-sobre-vacunacion-infantil\/\" title=\"14:10\" rel=\"bookmark\"><time class=\"wp-show-posts-entry-date published\" datetime=\"2025-10-14T14:10:11+02:00\" itemprop=\"datePublished\">14\/10\/2025<\/time><time class=\"wp-show-posts-updated\" datetime=\"2025-10-14T14:11:58+02:00\" itemprop=\"dateModified\">14\/10\/2025<\/time><\/a>\n\t\t\t\t<\/span><\/div>\t\t\t\t\t\t<\/header><!-- .entry-header -->\n\t\t\t\t\t\t\t\t\t\t\t<div class=\"wp-show-posts-entry-summary\" itemprop=\"text\">\n\t\t\t\t\t\t\t<p>El Programa Familias Primerizas de ASISA contin\u00faa acompa\u00f1ando a las familias en su camino hacia una crianza saludable. En su reciente webinar sobre vacunaci\u00f3n infantil, las doctoras Isabel Abad, M\u00e9dica de Familia y Coordinadora M\u00e9dica del programa, y Ainhoa Gorriz, M\u00e9dica General y experta en vacunaci\u00f3n, ofrecieron una completa gu\u00eda&#8230;<\/p>\n\t\t\t\t\t\t<\/div><!-- .entry-summary -->\n\t\t\t\t\t<div class=\"wpsp-read-more\"><a title=\"Webinar Programa Familias Primerizas: vacunaci\u00f3n infantil\" class=\"wp-show-posts-read-more\" href=\"\/blog\/salud\/webinar-sobre-vacunacion-infantil\/\">LEER M\u00c1S<\/a><\/div><\/div><!-- wp-show-posts-inner --><\/article><article class=\" wp-show-posts-single post-17195 post type-post status-publish format-video has-post-thumbnail hentry category-familias-primerizas category-salud post_format-post-format-video wpsp-col-6\" itemtype=\"http:\/\/schema.org\/CreativeWork\" itemscope><div class=\"wp-show-posts-inner\" style=\"\">\t\t<div class=\"wp-show-posts-image  wpsp-image-center \">\n\t\t\t<a href=\"\/blog\/salud\/atragantamiento-de-un-bebe-que-hacer\/\" title=\"\u00bfQu\u00e9 hacer si un beb\u00e9 o ni\u00f1o se atraganta? Gu\u00eda r\u00e1pida paso a paso\"><img loading=\"lazy\" decoding=\"async\" width=\"1920\" height=\"1080\" src=\"\/blog\/wp-content\/uploads\/2025\/07\/atraganamiento_20250721.jpg\" class=\"attachment-full size-full wp-post-image\" alt=\"atragantamiento\" itemprop=\"image\" srcset=\"\/blog\/wp-content\/uploads\/2025\/07\/atraganamiento_20250721.jpg 1920w, \/blog\/wp-content\/uploads\/2025\/07\/atraganamiento_20250721-300x169.jpg 300w, \/blog\/wp-content\/uploads\/2025\/07\/atraganamiento_20250721-1024x576.jpg 1024w, \/blog\/wp-content\/uploads\/2025\/07\/atraganamiento_20250721-1536x864.jpg 1536w, \/blog\/wp-content\/uploads\/2025\/07\/atraganamiento_20250721-300x169@2x.jpg 600w\" sizes=\"(max-width: 1920px) 100vw, 1920px\" \/><\/a>\t\t<\/div>\n\t\t\t\t\t\t\t\t<header class=\"wp-show-posts-entry-header\">\n\t\t\t\t\t\t\t<h2 class=\"wp-show-posts-entry-title\" itemprop=\"headline\"><a href=\"\/blog\/salud\/atragantamiento-de-un-bebe-que-hacer\/\" rel=\"bookmark\">\u00bfQu\u00e9 hacer si un beb\u00e9 o ni\u00f1o se atraganta? Gu\u00eda r\u00e1pida paso a paso<\/a><\/h2><div class=\"wp-show-posts-entry-meta wp-show-posts-entry-meta-below-title post-meta-inline\"><span class=\"wp-show-posts-posted-on wp-show-posts-meta\">\n\t\t\t\t\t<a href=\"\/blog\/salud\/atragantamiento-de-un-bebe-que-hacer\/\" title=\"13:00\" rel=\"bookmark\"><time class=\"wp-show-posts-entry-date published\" datetime=\"2025-07-21T13:00:03+02:00\" itemprop=\"datePublished\">21\/07\/2025<\/time><time class=\"wp-show-posts-updated\" datetime=\"2025-07-21T13:00:06+02:00\" itemprop=\"dateModified\">21\/07\/2025<\/time><\/a>\n\t\t\t\t<\/span><\/div>\t\t\t\t\t\t<\/header><!-- .entry-header -->\n\t\t\t\t\t\t\t\t\t\t\t<div class=\"wp-show-posts-entry-summary\" itemprop=\"text\">\n\t\t\t\t\t\t\t<p>El atragantamiento es una de las emergencias m\u00e1s comunes en la infancia, especialmente en menores de cinco a\u00f1os. Suele producirse durante la alimentaci\u00f3n o mientras juegan con objetos peque\u00f1os, y puede provocar una obstrucci\u00f3n de las v\u00edas respiratorias. En estos casos, saber c\u00f3mo actuar puede marcar la diferencia entre la&#8230;<\/p>\n\t\t\t\t\t\t<\/div><!-- .entry-summary -->\n\t\t\t\t\t<div class=\"wpsp-read-more\"><a title=\"\u00bfQu\u00e9 hacer si un beb\u00e9 o ni\u00f1o se atraganta? Gu\u00eda r\u00e1pida paso a paso\" class=\"wp-show-posts-read-more\" href=\"\/blog\/salud\/atragantamiento-de-un-bebe-que-hacer\/\">LEER M\u00c1S<\/a><\/div><\/div><!-- wp-show-posts-inner --><\/article><article class=\" wp-show-posts-single post-17091 post type-post status-publish format-video has-post-thumbnail hentry category-familias-primerizas category-salud post_format-post-format-video wpsp-col-6\" itemtype=\"http:\/\/schema.org\/CreativeWork\" itemscope><div class=\"wp-show-posts-inner\" style=\"\">\t\t<div class=\"wp-show-posts-image  wpsp-image-center \">\n\t\t\t<a href=\"\/blog\/salud\/sintomas-de-que-el-parto-esta-cerca\/\" title=\"S\u00edntomas de que el parto est\u00e1 cerca\"><img loading=\"lazy\" decoding=\"async\" width=\"1920\" height=\"1080\" src=\"\/blog\/wp-content\/uploads\/2025\/07\/Sintomas-de-que-el-parto-esta-cerca.jpg\" class=\"attachment-full size-full wp-post-image\" alt=\"S\u00edntomas de que el parto est\u00e1 cerca\" itemprop=\"image\" srcset=\"\/blog\/wp-content\/uploads\/2025\/07\/Sintomas-de-que-el-parto-esta-cerca.jpg 1920w, \/blog\/wp-content\/uploads\/2025\/07\/Sintomas-de-que-el-parto-esta-cerca-300x169.jpg 300w, \/blog\/wp-content\/uploads\/2025\/07\/Sintomas-de-que-el-parto-esta-cerca-1024x576.jpg 1024w, \/blog\/wp-content\/uploads\/2025\/07\/Sintomas-de-que-el-parto-esta-cerca-1536x864.jpg 1536w, \/blog\/wp-content\/uploads\/2025\/07\/Sintomas-de-que-el-parto-esta-cerca-300x169@2x.jpg 600w\" sizes=\"(max-width: 1920px) 100vw, 1920px\" \/><\/a>\t\t<\/div>\n\t\t\t\t\t\t\t\t<header class=\"wp-show-posts-entry-header\">\n\t\t\t\t\t\t\t<h2 class=\"wp-show-posts-entry-title\" itemprop=\"headline\"><a href=\"\/blog\/salud\/sintomas-de-que-el-parto-esta-cerca\/\" rel=\"bookmark\">S\u00edntomas de que el parto est\u00e1 cerca<\/a><\/h2><div class=\"wp-show-posts-entry-meta wp-show-posts-entry-meta-below-title post-meta-inline\"><span class=\"wp-show-posts-posted-on wp-show-posts-meta\">\n\t\t\t\t\t<a href=\"\/blog\/salud\/sintomas-de-que-el-parto-esta-cerca\/\" title=\"13:37\" rel=\"bookmark\"><time class=\"wp-show-posts-entry-date published\" datetime=\"2025-07-07T13:37:03+02:00\" itemprop=\"datePublished\">07\/07\/2025<\/time><time class=\"wp-show-posts-updated\" datetime=\"2025-07-07T13:37:05+02:00\" itemprop=\"dateModified\">07\/07\/2025<\/time><\/a>\n\t\t\t\t<\/span><\/div>\t\t\t\t\t\t<\/header><!-- .entry-header -->\n\t\t\t\t\t\t\t\t\t\t\t<div class=\"wp-show-posts-entry-summary\" itemprop=\"text\">\n\t\t\t\t\t\t\t<p>Reconocer las se\u00f1ales de que el parto se aproxima es fundamental para saber cu\u00e1ndo es momento de prepararse para ir al hospital o avisar al m\u00e9dico. Hay algunos s\u00edntomas que indican que el parto se acerca. Estos signos, llamados pr\u00f3dromos de parto, no siempre ocurren en el mismo orden ni&#8230;<\/p>\n\t\t\t\t\t\t<\/div><!-- .entry-summary -->\n\t\t\t\t\t<div class=\"wpsp-read-more\"><a title=\"S\u00edntomas de que el parto est\u00e1 cerca\" class=\"wp-show-posts-read-more\" href=\"\/blog\/salud\/sintomas-de-que-el-parto-esta-cerca\/\">LEER M\u00c1S<\/a><\/div><\/div><!-- wp-show-posts-inner --><\/article><article class=\" wp-show-posts-single post-17071 post type-post status-publish format-video has-post-thumbnail hentry category-familias-primerizas category-salud post_format-post-format-video wpsp-col-6\" itemtype=\"http:\/\/schema.org\/CreativeWork\" itemscope><div class=\"wp-show-posts-inner\" style=\"\">\t\t<div class=\"wp-show-posts-image  wpsp-image-center \">\n\t\t\t<a href=\"\/blog\/salud\/consejos-de-higiene-intima-en-el-embarazo\/\" title=\"Prevenci\u00f3n de infecciones vaginales en el embarazo: consejos de higiene \u00edntima\"><img loading=\"lazy\" decoding=\"async\" width=\"1920\" height=\"1080\" src=\"\/blog\/wp-content\/uploads\/2025\/07\/higiene-intima-en-el-embarazo.jpg\" class=\"attachment-full size-full wp-post-image\" alt=\"\" itemprop=\"image\" srcset=\"\/blog\/wp-content\/uploads\/2025\/07\/higiene-intima-en-el-embarazo.jpg 1920w, \/blog\/wp-content\/uploads\/2025\/07\/higiene-intima-en-el-embarazo-300x169.jpg 300w, \/blog\/wp-content\/uploads\/2025\/07\/higiene-intima-en-el-embarazo-1024x576.jpg 1024w, \/blog\/wp-content\/uploads\/2025\/07\/higiene-intima-en-el-embarazo-1536x864.jpg 1536w, \/blog\/wp-content\/uploads\/2025\/07\/higiene-intima-en-el-embarazo-300x169@2x.jpg 600w\" sizes=\"(max-width: 1920px) 100vw, 1920px\" \/><\/a>\t\t<\/div>\n\t\t\t\t\t\t\t\t<header class=\"wp-show-posts-entry-header\">\n\t\t\t\t\t\t\t<h2 class=\"wp-show-posts-entry-title\" itemprop=\"headline\"><a href=\"\/blog\/salud\/consejos-de-higiene-intima-en-el-embarazo\/\" rel=\"bookmark\">Prevenci\u00f3n de infecciones vaginales en el embarazo: consejos de higiene \u00edntima<\/a><\/h2><div class=\"wp-show-posts-entry-meta wp-show-posts-entry-meta-below-title post-meta-inline\"><span class=\"wp-show-posts-posted-on wp-show-posts-meta\">\n\t\t\t\t\t<a href=\"\/blog\/salud\/consejos-de-higiene-intima-en-el-embarazo\/\" title=\"13:09\" rel=\"bookmark\"><time class=\"wp-show-posts-entry-date published\" datetime=\"2025-07-02T13:09:48+02:00\" itemprop=\"datePublished\">02\/07\/2025<\/time><time class=\"wp-show-posts-updated\" datetime=\"2025-07-02T13:09:51+02:00\" itemprop=\"dateModified\">02\/07\/2025<\/time><\/a>\n\t\t\t\t<\/span><\/div>\t\t\t\t\t\t<\/header><!-- .entry-header -->\n\t\t\t\t\t\t\t\t\t\t\t<div class=\"wp-show-posts-entry-summary\" itemprop=\"text\">\n\t\t\t\t\t\t\t<p>Durante el embarazo, el cuerpo atraviesa m\u00faltiples cambios hormonales y f\u00edsicos que pueden alterar el equilibrio natural de la flora vaginal, haci\u00e9ndola m\u00e1s vulnerable a infecciones como la candidiasis, la vaginosis bacteriana o las infecciones urinarias. Aunque muchas de estas infecciones son comunes y tratables, prevenirlas es clave para proteger&#8230;<\/p>\n\t\t\t\t\t\t<\/div><!-- .entry-summary -->\n\t\t\t\t\t<div class=\"wpsp-read-more\"><a title=\"Prevenci\u00f3n de infecciones vaginales en el embarazo: consejos de higiene \u00edntima\" class=\"wp-show-posts-read-more\" href=\"\/blog\/salud\/consejos-de-higiene-intima-en-el-embarazo\/\">LEER M\u00c1S<\/a><\/div><\/div><!-- wp-show-posts-inner --><\/article><article class=\" wp-show-posts-single post-16936 post type-post status-publish format-video has-post-thumbnail hentry category-familias-primerizas category-salud post_format-post-format-video wpsp-col-6\" itemtype=\"http:\/\/schema.org\/CreativeWork\" itemscope><div class=\"wp-show-posts-inner\" style=\"\">\t\t<div class=\"wp-show-posts-image  wpsp-image-center \">\n\t\t\t<a href=\"\/blog\/salud\/alimentos-a-evitar-durante-el-embarazo\/\" title=\"Alimentos a evitar durante el embarazo\"><img loading=\"lazy\" decoding=\"async\" width=\"1920\" height=\"1080\" src=\"\/blog\/wp-content\/uploads\/2025\/06\/alimentos-a-evitar-en-embarazo_20250603.jpg\" class=\"attachment-full size-full wp-post-image\" alt=\"Alimentos a evitar durante el embarazo\" itemprop=\"image\" srcset=\"\/blog\/wp-content\/uploads\/2025\/06\/alimentos-a-evitar-en-embarazo_20250603.jpg 1920w, \/blog\/wp-content\/uploads\/2025\/06\/alimentos-a-evitar-en-embarazo_20250603-300x169.jpg 300w, \/blog\/wp-content\/uploads\/2025\/06\/alimentos-a-evitar-en-embarazo_20250603-1024x576.jpg 1024w, \/blog\/wp-content\/uploads\/2025\/06\/alimentos-a-evitar-en-embarazo_20250603-1536x864.jpg 1536w, \/blog\/wp-content\/uploads\/2025\/06\/alimentos-a-evitar-en-embarazo_20250603-300x169@2x.jpg 600w\" sizes=\"(max-width: 1920px) 100vw, 1920px\" \/><\/a>\t\t<\/div>\n\t\t\t\t\t\t\t\t<header class=\"wp-show-posts-entry-header\">\n\t\t\t\t\t\t\t<h2 class=\"wp-show-posts-entry-title\" itemprop=\"headline\"><a href=\"\/blog\/salud\/alimentos-a-evitar-durante-el-embarazo\/\" rel=\"bookmark\">Alimentos a evitar durante el embarazo<\/a><\/h2><div class=\"wp-show-posts-entry-meta wp-show-posts-entry-meta-below-title post-meta-inline\"><span class=\"wp-show-posts-posted-on wp-show-posts-meta\">\n\t\t\t\t\t<a href=\"\/blog\/salud\/alimentos-a-evitar-durante-el-embarazo\/\" title=\"13:37\" rel=\"bookmark\"><time class=\"wp-show-posts-entry-date published\" datetime=\"2025-06-03T13:37:32+02:00\" itemprop=\"datePublished\">03\/06\/2025<\/time><time class=\"wp-show-posts-updated\" datetime=\"2025-06-03T13:46:14+02:00\" itemprop=\"dateModified\">03\/06\/2025<\/time><\/a>\n\t\t\t\t<\/span><\/div>\t\t\t\t\t\t<\/header><!-- .entry-header -->\n\t\t\t\t\t\t\t\t\t\t\t<div class=\"wp-show-posts-entry-summary\" itemprop=\"text\">\n\t\t\t\t\t\t\t<p>El embarazo es un periodo especialmente sensible en la vida de una mujer, donde la alimentaci\u00f3n no solo influye en su salud, sino tambi\u00e9n en el desarrollo del feto y en el curso del embarazo. A lo largo de la gestaci\u00f3n, se producen cambios fisiol\u00f3gicos que modifican el sistema inmunol\u00f3gico,&#8230;<\/p>\n\t\t\t\t\t\t<\/div><!-- .entry-summary -->\n\t\t\t\t\t<div class=\"wpsp-read-more\"><a title=\"Alimentos a evitar durante el embarazo\" class=\"wp-show-posts-read-more\" href=\"\/blog\/salud\/alimentos-a-evitar-durante-el-embarazo\/\">LEER M\u00c1S<\/a><\/div><\/div><!-- wp-show-posts-inner --><\/article><article class=\" wp-show-posts-single post-16878 post type-post status-publish format-video has-post-thumbnail hentry category-familias-primerizas category-salud post_format-post-format-video wpsp-col-6\" itemtype=\"http:\/\/schema.org\/CreativeWork\" itemscope><div class=\"wp-show-posts-inner\" style=\"\">\t\t<div class=\"wp-show-posts-image  wpsp-image-center \">\n\t\t\t<a href=\"\/blog\/salud\/manejar-la-separacion-y-la-ansiedad-del-bebe\/\" title=\"Manejar la separaci\u00f3n y la ansiedad del beb\u00e9\"><img loading=\"lazy\" decoding=\"async\" width=\"1920\" height=\"1080\" src=\"\/blog\/wp-content\/uploads\/2025\/05\/Manejar-la-separacion-y-la-ansiedad-del-bebe.jpg\" class=\"attachment-full size-full wp-post-image\" alt=\"Manejar la separaci\u00f3n y la ansiedad del beb\u00e9\" itemprop=\"image\" srcset=\"\/blog\/wp-content\/uploads\/2025\/05\/Manejar-la-separacion-y-la-ansiedad-del-bebe.jpg 1920w, \/blog\/wp-content\/uploads\/2025\/05\/Manejar-la-separacion-y-la-ansiedad-del-bebe-300x169.jpg 300w, \/blog\/wp-content\/uploads\/2025\/05\/Manejar-la-separacion-y-la-ansiedad-del-bebe-1024x576.jpg 1024w, \/blog\/wp-content\/uploads\/2025\/05\/Manejar-la-separacion-y-la-ansiedad-del-bebe-1536x864.jpg 1536w, \/blog\/wp-content\/uploads\/2025\/05\/Manejar-la-separacion-y-la-ansiedad-del-bebe-300x169@2x.jpg 600w\" sizes=\"(max-width: 1920px) 100vw, 1920px\" \/><\/a>\t\t<\/div>\n\t\t\t\t\t\t\t\t<header class=\"wp-show-posts-entry-header\">\n\t\t\t\t\t\t\t<h2 class=\"wp-show-posts-entry-title\" itemprop=\"headline\"><a href=\"\/blog\/salud\/manejar-la-separacion-y-la-ansiedad-del-bebe\/\" rel=\"bookmark\">Manejar la separaci\u00f3n y la ansiedad del beb\u00e9<\/a><\/h2><div class=\"wp-show-posts-entry-meta wp-show-posts-entry-meta-below-title post-meta-inline\"><span class=\"wp-show-posts-posted-on wp-show-posts-meta\">\n\t\t\t\t\t<a href=\"\/blog\/salud\/manejar-la-separacion-y-la-ansiedad-del-bebe\/\" title=\"11:53\" rel=\"bookmark\"><time class=\"wp-show-posts-entry-date published\" datetime=\"2025-05-21T11:53:13+02:00\" itemprop=\"datePublished\">21\/05\/2025<\/time><time class=\"wp-show-posts-updated\" datetime=\"2025-05-21T13:12:45+02:00\" itemprop=\"dateModified\">21\/05\/2025<\/time><\/a>\n\t\t\t\t<\/span><\/div>\t\t\t\t\t\t<\/header><!-- .entry-header -->\n\t\t\t\t\t\t\t\t\t\t\t<div class=\"wp-show-posts-entry-summary\" itemprop=\"text\">\n\t\t\t\t\t\t\t<p>La ansiedad por separaci\u00f3n es com\u00fan en beb\u00e9s con apego seguro a sus cuidadores, generalmente apareciendo entre los 6 y 18 meses. En esta etapa, los beb\u00e9s empiezan a comprender que las personas y objetos existen aunque no est\u00e9n a la vista, y pueden sentir temor ante la ausencia de&#8230;<\/p>\n\t\t\t\t\t\t<\/div><!-- .entry-summary -->\n\t\t\t\t\t<div class=\"wpsp-read-more\"><a title=\"Manejar la separaci\u00f3n y la ansiedad del beb\u00e9\" class=\"wp-show-posts-read-more\" href=\"\/blog\/salud\/manejar-la-separacion-y-la-ansiedad-del-bebe\/\">LEER M\u00c1S<\/a><\/div><\/div><!-- wp-show-posts-inner --><\/article><article class=\" wp-show-posts-single post-16832 post type-post status-publish format-video has-post-thumbnail hentry category-familias-primerizas category-salud post_format-post-format-video wpsp-col-6\" itemtype=\"http:\/\/schema.org\/CreativeWork\" itemscope><div class=\"wp-show-posts-inner\" style=\"\">\t\t<div class=\"wp-show-posts-image  wpsp-image-center \">\n\t\t\t<a href=\"\/blog\/salud\/el-proceso-del-parto\/\" title=\"El proceso del parto: etapas y lo que ocurre en cada una\"><img loading=\"lazy\" decoding=\"async\" width=\"1920\" height=\"1080\" src=\"\/blog\/wp-content\/uploads\/2025\/05\/proceso-del-parto.jpg\" class=\"attachment-full size-full wp-post-image\" alt=\"proceso del parto\" itemprop=\"image\" srcset=\"\/blog\/wp-content\/uploads\/2025\/05\/proceso-del-parto.jpg 1920w, \/blog\/wp-content\/uploads\/2025\/05\/proceso-del-parto-300x169.jpg 300w, \/blog\/wp-content\/uploads\/2025\/05\/proceso-del-parto-1024x576.jpg 1024w, \/blog\/wp-content\/uploads\/2025\/05\/proceso-del-parto-1536x864.jpg 1536w, \/blog\/wp-content\/uploads\/2025\/05\/proceso-del-parto-300x169@2x.jpg 600w\" sizes=\"(max-width: 1920px) 100vw, 1920px\" \/><\/a>\t\t<\/div>\n\t\t\t\t\t\t\t\t<header class=\"wp-show-posts-entry-header\">\n\t\t\t\t\t\t\t<h2 class=\"wp-show-posts-entry-title\" itemprop=\"headline\"><a href=\"\/blog\/salud\/el-proceso-del-parto\/\" rel=\"bookmark\">El proceso del parto: etapas y lo que ocurre en cada una<\/a><\/h2><div class=\"wp-show-posts-entry-meta wp-show-posts-entry-meta-below-title post-meta-inline\"><span class=\"wp-show-posts-posted-on wp-show-posts-meta\">\n\t\t\t\t\t<a href=\"\/blog\/salud\/el-proceso-del-parto\/\" title=\"15:59\" rel=\"bookmark\"><time class=\"wp-show-posts-entry-date published\" datetime=\"2025-05-12T15:59:31+02:00\" itemprop=\"datePublished\">12\/05\/2025<\/time><time class=\"wp-show-posts-updated\" datetime=\"2025-05-12T15:59:34+02:00\" itemprop=\"dateModified\">12\/05\/2025<\/time><\/a>\n\t\t\t\t<\/span><\/div>\t\t\t\t\t\t<\/header><!-- .entry-header -->\n\t\t\t\t\t\t\t\t\t\t\t<div class=\"wp-show-posts-entry-summary\" itemprop=\"text\">\n\t\t\t\t\t\t\t<p>El parto es un proceso natural y complejo que se desarrolla en tres etapas: dilataci\u00f3n, expulsivo y alumbramiento. Cada etapa tiene su papel en el nacimiento y recuperaci\u00f3n. Conocer lo que ocurre en cada fase ayuda a identificar las se\u00f1ales del cuerpo y saber c\u00f3mo actuar. A continuaci\u00f3n, explicamos cada&#8230;<\/p>\n\t\t\t\t\t\t<\/div><!-- .entry-summary -->\n\t\t\t\t\t<div class=\"wpsp-read-more\"><a title=\"El proceso del parto: etapas y lo que ocurre en cada una\" class=\"wp-show-posts-read-more\" href=\"\/blog\/salud\/el-proceso-del-parto\/\">LEER M\u00c1S<\/a><\/div><\/div><!-- wp-show-posts-inner --><\/article><article class=\" wp-show-posts-single post-16773 post type-post status-publish format-standard has-post-thumbnail hentry category-familias-primerizas category-salud wpsp-col-6\" itemtype=\"http:\/\/schema.org\/CreativeWork\" itemscope><div class=\"wp-show-posts-inner\" style=\"\">\t\t<div class=\"wp-show-posts-image  wpsp-image-center \">\n\t\t\t<a href=\"\/blog\/salud\/manejar-el-estres-y-la-ansiedad-en-el-embarazo\/\" title=\"C\u00f3mo manejar el estr\u00e9s y la ansiedad durante el embarazo\"><img loading=\"lazy\" decoding=\"async\" width=\"1920\" height=\"1080\" src=\"\/blog\/wp-content\/uploads\/2025\/04\/manejar-el-estres-y-la-ansiedad-en-el-embarazo.jpg\" class=\"attachment-full size-full wp-post-image\" alt=\"manejar el estr\u00e9s y la ansiedad en el embarazo\" itemprop=\"image\" srcset=\"\/blog\/wp-content\/uploads\/2025\/04\/manejar-el-estres-y-la-ansiedad-en-el-embarazo.jpg 1920w, \/blog\/wp-content\/uploads\/2025\/04\/manejar-el-estres-y-la-ansiedad-en-el-embarazo-300x169.jpg 300w, \/blog\/wp-content\/uploads\/2025\/04\/manejar-el-estres-y-la-ansiedad-en-el-embarazo-1024x576.jpg 1024w, \/blog\/wp-content\/uploads\/2025\/04\/manejar-el-estres-y-la-ansiedad-en-el-embarazo-1536x864.jpg 1536w, \/blog\/wp-content\/uploads\/2025\/04\/manejar-el-estres-y-la-ansiedad-en-el-embarazo-300x169@2x.jpg 600w\" sizes=\"(max-width: 1920px) 100vw, 1920px\" \/><\/a>\t\t<\/div>\n\t\t\t\t\t\t\t\t<header class=\"wp-show-posts-entry-header\">\n\t\t\t\t\t\t\t<h2 class=\"wp-show-posts-entry-title\" itemprop=\"headline\"><a href=\"\/blog\/salud\/manejar-el-estres-y-la-ansiedad-en-el-embarazo\/\" rel=\"bookmark\">C\u00f3mo manejar el estr\u00e9s y la ansiedad durante el embarazo<\/a><\/h2><div class=\"wp-show-posts-entry-meta wp-show-posts-entry-meta-below-title post-meta-inline\"><span class=\"wp-show-posts-posted-on wp-show-posts-meta\">\n\t\t\t\t\t<a href=\"\/blog\/salud\/manejar-el-estres-y-la-ansiedad-en-el-embarazo\/\" title=\"12:21\" rel=\"bookmark\"><time class=\"wp-show-posts-entry-date published\" datetime=\"2025-04-30T12:21:08+02:00\" itemprop=\"datePublished\">30\/04\/2025<\/time><time class=\"wp-show-posts-updated\" datetime=\"2025-04-30T12:21:38+02:00\" itemprop=\"dateModified\">30\/04\/2025<\/time><\/a>\n\t\t\t\t<\/span><\/div>\t\t\t\t\t\t<\/header><!-- .entry-header -->\n\t\t\t\t\t\t\t\t\t\t\t<div class=\"wp-show-posts-entry-summary\" itemprop=\"text\">\n\t\t\t\t\t\t\t<p>Es com\u00fan que muchas mujeres experimenten estr\u00e9s y ansiedad durante el embarazo y el postparto. Reconocer que estas emociones pueden surgir, entender sus s\u00edntomas y saber c\u00f3mo manejar el estr\u00e9s y la ansiedad en el embarazo es clave para mantener el bienestar tanto de la madre como del beb\u00e9. El&#8230;<\/p>\n\t\t\t\t\t\t<\/div><!-- .entry-summary -->\n\t\t\t\t\t<div class=\"wpsp-read-more\"><a title=\"C\u00f3mo manejar el estr\u00e9s y la ansiedad durante el embarazo\" class=\"wp-show-posts-read-more\" href=\"\/blog\/salud\/manejar-el-estres-y-la-ansiedad-en-el-embarazo\/\">LEER M\u00c1S<\/a><\/div><\/div><!-- wp-show-posts-inner --><\/article><article class=\" wp-show-posts-single post-16513 post type-post status-publish format-standard has-post-thumbnail hentry category-familias-primerizas category-salud wpsp-col-6\" itemtype=\"http:\/\/schema.org\/CreativeWork\" itemscope><div class=\"wp-show-posts-inner\" style=\"\">\t\t<div class=\"wp-show-posts-image  wpsp-image-center \">\n\t\t\t<a href=\"\/blog\/salud\/programa-familias-primerizas\/\" title=\"ASISA pone en marcha un programa integral para apoyar a las familias primerizas\"><img loading=\"lazy\" decoding=\"async\" width=\"1920\" height=\"1080\" src=\"\/blog\/wp-content\/uploads\/2025\/03\/programa-familias-primerizas.jpg\" class=\"attachment-full size-full wp-post-image\" alt=\"programa-familias-primerizas\" itemprop=\"image\" srcset=\"\/blog\/wp-content\/uploads\/2025\/03\/programa-familias-primerizas.jpg 1920w, \/blog\/wp-content\/uploads\/2025\/03\/programa-familias-primerizas-300x169.jpg 300w, \/blog\/wp-content\/uploads\/2025\/03\/programa-familias-primerizas-1024x576.jpg 1024w, \/blog\/wp-content\/uploads\/2025\/03\/programa-familias-primerizas-1536x864.jpg 1536w, \/blog\/wp-content\/uploads\/2025\/03\/programa-familias-primerizas-300x169@2x.jpg 600w\" sizes=\"(max-width: 1920px) 100vw, 1920px\" \/><\/a>\t\t<\/div>\n\t\t\t\t\t\t\t\t<header class=\"wp-show-posts-entry-header\">\n\t\t\t\t\t\t\t<h2 class=\"wp-show-posts-entry-title\" itemprop=\"headline\"><a href=\"\/blog\/salud\/programa-familias-primerizas\/\" rel=\"bookmark\">ASISA pone en marcha un programa integral para apoyar a las familias primerizas<\/a><\/h2><div class=\"wp-show-posts-entry-meta wp-show-posts-entry-meta-below-title post-meta-inline\"><span class=\"wp-show-posts-posted-on wp-show-posts-meta\">\n\t\t\t\t\t<a href=\"\/blog\/salud\/programa-familias-primerizas\/\" title=\"13:54\" rel=\"bookmark\"><time class=\"wp-show-posts-entry-date published\" datetime=\"2025-03-03T13:54:36+02:00\" itemprop=\"datePublished\">03\/03\/2025<\/time><time class=\"wp-show-posts-updated\" datetime=\"2025-03-03T14:12:40+02:00\" itemprop=\"dateModified\">03\/03\/2025<\/time><\/a>\n\t\t\t\t<\/span><\/div>\t\t\t\t\t\t<\/header><!-- .entry-header -->\n\t\t\t\t\t\t\t\t\t\t\t<div class=\"wp-show-posts-entry-summary\" itemprop=\"text\">\n\t\t\t\t\t\t\t<p>ASISA ha puesto en marcha un programa integral de salud dirigido a las familias primerizas. El Programa Familias Primerizas ASISA incluye informaci\u00f3n sobre el embarazo, el parto y los primeros meses de vida del bebe y, adem\u00e1s, permite acceder a profesionales de varias especialidades. El programa se puede encontrar en&#8230;<\/p>\n\t\t\t\t\t\t<\/div><!-- .entry-summary -->\n\t\t\t\t\t<div class=\"wpsp-read-more\"><a title=\"ASISA pone en marcha un programa integral para apoyar a las familias primerizas\" class=\"wp-show-posts-read-more\" href=\"\/blog\/salud\/programa-familias-primerizas\/\">LEER M\u00c1S<\/a><\/div><\/div><!-- wp-show-posts-inner --><\/article><article class=\" wp-show-posts-single post-16519 post type-post status-publish format-standard has-post-thumbnail hentry category-familias-primerizas category-salud wpsp-col-6\" itemtype=\"http:\/\/schema.org\/CreativeWork\" itemscope><div class=\"wp-show-posts-inner\" style=\"\">\t\t<div class=\"wp-show-posts-image  wpsp-image-center \">\n\t\t\t<a href=\"\/blog\/salud\/nutricion-y-suplementacion-en-el-primer-trimestre-de-embarazo\/\" title=\"Nutrici\u00f3n y suplementos recomendados en el primer trimestre de embarazo\"><img loading=\"lazy\" decoding=\"async\" width=\"1920\" height=\"1080\" src=\"\/blog\/wp-content\/uploads\/2025\/03\/nutricion-y-suplementacion-en-el-primer-trimestre-del-embarazo.jpg\" class=\"attachment-full size-full wp-post-image\" alt=\"nutrici\u00f3n y suplementaci\u00f3n en el primer trimestre de embarazo\" itemprop=\"image\" srcset=\"\/blog\/wp-content\/uploads\/2025\/03\/nutricion-y-suplementacion-en-el-primer-trimestre-del-embarazo.jpg 1920w, \/blog\/wp-content\/uploads\/2025\/03\/nutricion-y-suplementacion-en-el-primer-trimestre-del-embarazo-300x169.jpg 300w, \/blog\/wp-content\/uploads\/2025\/03\/nutricion-y-suplementacion-en-el-primer-trimestre-del-embarazo-1024x576.jpg 1024w, \/blog\/wp-content\/uploads\/2025\/03\/nutricion-y-suplementacion-en-el-primer-trimestre-del-embarazo-1536x864.jpg 1536w, \/blog\/wp-content\/uploads\/2025\/03\/nutricion-y-suplementacion-en-el-primer-trimestre-del-embarazo-300x169@2x.jpg 600w\" sizes=\"(max-width: 1920px) 100vw, 1920px\" \/><\/a>\t\t<\/div>\n\t\t\t\t\t\t\t\t<header class=\"wp-show-posts-entry-header\">\n\t\t\t\t\t\t\t<h2 class=\"wp-show-posts-entry-title\" itemprop=\"headline\"><a href=\"\/blog\/salud\/nutricion-y-suplementacion-en-el-primer-trimestre-de-embarazo\/\" rel=\"bookmark\">Nutrici\u00f3n y suplementos recomendados en el primer trimestre de embarazo<\/a><\/h2><div class=\"wp-show-posts-entry-meta wp-show-posts-entry-meta-below-title post-meta-inline\"><span class=\"wp-show-posts-posted-on wp-show-posts-meta\">\n\t\t\t\t\t<a href=\"\/blog\/salud\/nutricion-y-suplementacion-en-el-primer-trimestre-de-embarazo\/\" title=\"15:01\" rel=\"bookmark\"><time class=\"wp-show-posts-entry-date published\" datetime=\"2025-02-20T15:01:12+02:00\" itemprop=\"datePublished\">20\/02\/2025<\/time><time class=\"wp-show-posts-updated\" datetime=\"2025-03-03T15:07:03+02:00\" itemprop=\"dateModified\">03\/03\/2025<\/time><\/a>\n\t\t\t\t<\/span><\/div>\t\t\t\t\t\t<\/header><!-- .entry-header -->\n\t\t\t\t\t\t\t\t\t\t\t<div class=\"wp-show-posts-entry-summary\" itemprop=\"text\">\n\t\t\t\t\t\t\t<p>Durante las primeras semanas de embarazo, el cuerpo de la mujer pasa por grandes transformaciones, por lo que es crucial asegurar una alimentaci\u00f3n adecuada que beneficie tanto a la madre como al beb\u00e9 en desarrollo. Una dieta equilibrada es fundamental, ya que influye de manera directa en el crecimiento y&#8230;<\/p>\n\t\t\t\t\t\t<\/div><!-- .entry-summary -->\n\t\t\t\t\t<div class=\"wpsp-read-more\"><a title=\"Nutrici\u00f3n y suplementos recomendados en el primer trimestre de embarazo\" class=\"wp-show-posts-read-more\" href=\"\/blog\/salud\/nutricion-y-suplementacion-en-el-primer-trimestre-de-embarazo\/\">LEER M\u00c1S<\/a><\/div><\/div><!-- wp-show-posts-inner --><\/article><div class=\"wpsp-clear\"><\/div><\/section><!-- .wp-show-posts -->\n","protected":false},"excerpt":{"rendered":"<p>Programa Familias Primerizas ASISA<\/p>\n","protected":false},"author":9,"featured_media":0,"parent":0,"menu_order":0,"comment_status":"closed","ping_status":"closed","template":"","meta":{"_coblocks_attr":"","_coblocks_dimensions":"","_coblocks_responsive_height":"","_coblocks_accordion_ie_support":"","om_disable_all_campaigns":false,"_uf_show_specific_survey":0,"_uf_disable_surveys":false,"twitterCardType":"","cardImageID":0,"cardImage":"","cardTitle":"","cardDesc":"","cardImageAlt":"","cardPlayer":"","cardPlayerWidth":0,"cardPlayerHeight":0,"cardPlayerStream":"","cardPlayerCodec":"","footnotes":""},"aioseo_notices":[],"featured_image_src":null,"featured_image_src_square":null,"_links":{"self":[{"href":"\/blog\/wp-json\/wp\/v2\/pages\/16479"}],"collection":[{"href":"\/blog\/wp-json\/wp\/v2\/pages"}],"about":[{"href":"\/blog\/wp-json\/wp\/v2\/types\/page"}],"author":[{"embeddable":true,"href":"\/blog\/wp-json\/wp\/v2\/users\/9"}],"replies":[{"embeddable":true,"href":"\/blog\/wp-json\/wp\/v2\/comments?post=16479"}],"version-history":[{"count":7,"href":"\/blog\/wp-json\/wp\/v2\/pages\/16479\/revisions"}],"predecessor-version":[{"id":16563,"href":"\/blog\/wp-json\/wp\/v2\/pages\/16479\/revisions\/16563"}],"wp:attachment":[{"href":"\/blog\/wp-json\/wp\/v2\/media?parent=16479"}],"curies":[{"name":"wp","href":"https:\/\/api.w.org\/{rel}","templated":true}]}}